{"id":8,"date":"2015-11-10T17:48:32","date_gmt":"2015-11-10T16:48:32","guid":{"rendered":"http:\/\/www.ff-grossotten.at\/?page_id=8"},"modified":"2022-06-11T22:51:36","modified_gmt":"2022-06-11T20:51:36","slug":"historie","status":"publish","type":"page","link":"https:\/\/www.ff-grossotten.at\/?page_id=8","title":{"rendered":"Chronik"},"content":{"rendered":"<h3>1910 &#8211; Zur Gr\u00fcndung der Freiwilligen Feuerwehr Gro\u00dfotten:<\/h3>\n<p>Am 27. Juli 1909 brachen in Gro\u00dfotten, infolge von Blitzschl\u00e4gen, zur gleichen Zeit zwei Br\u00e4nde aus. Die H\u00e4user der Familien Neunteufel, Hausnummer 7 und der Familie Klauner, Hausnummer 16, wurden ein Raub der Flammen.<\/p>\n<p>Eintreffende Feuerwehren der Nachbarorte konnten nichts mehr retten. Die gesch\u00e4digten Hausbesitzer ergriffen daraufhin die Initiative und regten die Gr\u00fcndung einer freiwilligen Feuerwehr f\u00fcr\u00a0 Gro\u00dfotten und Thaures an. Die Idee fand gro\u00dfen Anklang, sodass bei der konstituierenden Sitzung im Mai 1910 die Freiwillige Feuerwehr Gro\u00dfotten gegr\u00fcndet wurde. Zum Kommandanten wurde Ignaz T\u00fcchler aus Gro\u00dfotten gew\u00e4hlt. Als Stellvertreter wurde Josef Weber, ebenfalls aus Gro\u00dfotten, zum Schriftf\u00fchrer Ferdinand Koppensteiner und zum Zahlmeister Florian Helmreich, beide ebenfalls aus Gro\u00dfotten, gew\u00e4hlt. Insgesamt stellten sich 27 M\u00e4nner in den Dienst der guten Sache.<\/p>\n<p>Die Gr\u00fcndungsmitglieder:<\/p>\n<p><table id=\"table_24166152\" width=\"100%\" class=\"display\"><thead><tr><th>Gro\u00dfotten<\/th><th>Thaures<\/th><\/tr>\r\n    <\/thead>\r\n    <tbody>\r\n\t\r\n\t<script type=\"text\/javascript\" charset=\"utf-8\">\r\n jQuery(document).ready(function() {\r\n    jQuery('#table_24166152').DataTable( {\"destroy\": true,\"bPaginate\": false,\"bLengthChange\": false,\"bFilter\": false,\"bSort\": false,\"bInfo\": false,\"bStateSave\": true,\"bAutoWidth\": true,\"sPaginationType\": \"full_numbers\",\"oLanguage\": {\r\n\t\t\t\"sLengthMenu\": \"Display _MENU_ records per page\",\r\n\t\t\t\"sZeroRecords\": \"Nothing found - sorry\",\r\n\t\t\t\"sInfo\": \"Showing _START_ to _END_ of _TOTAL_ records\",\r\n\t\t\t\"sInfoEmpty\": \"Showing 0 to 0 of 0 records\",\r\n                        \"sSearch\": \"Search: \",\r\n\t\t\t\"sInfoFiltered\": \"(filtered from _MAX_ total records)\"\r\n\t\t}} );\r\n});\r\n <\/script><tr><td>Ignaz Dichler<\/td><td>Friedrich Haider<\/td><\/tr><tr><td>Johann Haslinger<\/td><td>Josef Hofbauer<\/td><\/tr><tr><td>Florian Helmreich<\/td><td>Franz Krenn<\/td><\/tr><tr><td>Johann Hinterlechner<\/td><td>Josef Kugler<\/td><\/tr><tr><td>Iganz Kaufmann<\/td><td>Franz Neugschwandtner<\/td><\/tr><tr><td>Albert Klopf<\/td><td>Johann Prinz<\/td><\/tr><tr><td>Alois Klopf<\/td><td>Heinrich T\u00fcchler <\/td><\/tr><tr><td>Franz Klopf<\/td><td>Franz Weber<\/td><\/tr><tr><td>Johann Klopf<\/td><td><\/td><\/tr><tr><td>Josef Klopf<\/td><td><\/td><\/tr><tr><td>Leo Klopf<\/td><td><\/td><\/tr><tr><td>Ferdinand Koppensteiner<\/td><td><\/td><\/tr><tr><td>Karl Neunteufel<\/td><td><\/td><\/tr><tr><td>Josef Pregartbauer<\/td><td><\/td><\/tr><tr><td>Johann Schnabl<\/td><td><\/td><\/tr><tr><td>Ignaz T\u00fcchler<\/td><td><\/td><\/tr><tr><td>Johann T\u00fcchler<\/td><td><\/td><\/tr><tr><td>Josef Weber <\/td><td><\/td><\/tr><tr><td>Anton Neum\u00fcller<\/td><td><\/td><\/tr>\r\n    <\/tbody>\r\n<\/table><\/p>\n<p>F\u00fcr den Ankauf der Feuerwehrspritze und weiterer Ausr\u00fcstung leistete jeder Hausbesitzer der Ortschaften Gro\u00dfotten und Thaures einen Beitrag. Vermutlich wurden auch Sammlungen in den angrenzenden Orten durchgef\u00fchrt. F\u00fcr die Unterbringung der Ger\u00e4tschaften wurde in der Mitte des\u00a0 Ortes ein\u00a0Spritzenhaus gebaut. Das Gr\u00fcndungsfest fand am 13. Juli 1910\u00a0 mit einer Feldmesse, zelebriert von P. Hermann Reisinger, Pfarrer aus Gro\u00dfsch\u00f6nau, auf dem Festplatz vor dem Haus des Kommandanten statt. Mitinitiator der Freiwilligen Feuerwehr Gro\u00dfotten, Leopold Klauner konnte wegen eines k\u00f6rperlichen Gebrechens nicht aktiv beitreten, er wirkte allerdings unterst\u00fctzend mit.<\/p>\n<p><a href=\"https:\/\/www.ff-grossotten.at\/wp-content\/uploads\/2016\/05\/Gr\u00fcndungsfest-1910-1.jpg\"><img loading=\"lazy\" decoding=\"async\" class=\"alignleft size-medium wp-image-1342\" src=\"https:\/\/www.ff-grossotten.at\/wp-content\/uploads\/2016\/05\/Gr\u00fcndungsfest-1910-1-300x200.jpg\" alt=\"Gr\u00fcndungsfest 1910 (1)\" width=\"300\" height=\"200\" srcset=\"https:\/\/www.ff-grossotten.at\/wp-content\/uploads\/2016\/05\/Gr\u00fcndungsfest-1910-1-300x200.jpg 300w, https:\/\/www.ff-grossotten.at\/wp-content\/uploads\/2016\/05\/Gr\u00fcndungsfest-1910-1-768x513.jpg 768w, https:\/\/www.ff-grossotten.at\/wp-content\/uploads\/2016\/05\/Gr\u00fcndungsfest-1910-1-1024x684.jpg 1024w, https:\/\/www.ff-grossotten.at\/wp-content\/uploads\/2016\/05\/Gr\u00fcndungsfest-1910-1-748x500.jpg 748w\" sizes=\"auto, (max-width: 300px) 100vw, 300px\" \/><\/a><\/p>\n<p><a href=\"https:\/\/www.ff-grossotten.at\/wp-content\/uploads\/2016\/05\/Gr\u00fcndungsfest-1910-2.jpg\"><img loading=\"lazy\" decoding=\"async\" class=\"alignleft wp-image-1343\" src=\"https:\/\/www.ff-grossotten.at\/wp-content\/uploads\/2016\/05\/Gr\u00fcndungsfest-1910-2-300x187.jpg\" alt=\"Gr\u00fcndungsfest 1910 (2)\" width=\"319\" height=\"199\" srcset=\"https:\/\/www.ff-grossotten.at\/wp-content\/uploads\/2016\/05\/Gr\u00fcndungsfest-1910-2-300x187.jpg 300w, https:\/\/www.ff-grossotten.at\/wp-content\/uploads\/2016\/05\/Gr\u00fcndungsfest-1910-2-768x480.jpg 768w, https:\/\/www.ff-grossotten.at\/wp-content\/uploads\/2016\/05\/Gr\u00fcndungsfest-1910-2-1024x639.jpg 1024w, https:\/\/www.ff-grossotten.at\/wp-content\/uploads\/2016\/05\/Gr\u00fcndungsfest-1910-2-801x500.jpg 801w\" sizes=\"auto, (max-width: 319px) 100vw, 319px\" \/><\/a><\/p>\n<p>&nbsp;<\/p>\n<p>&nbsp;<\/p>\n<p>&nbsp;<\/p>\n<p>&nbsp;<\/p>\n<hr \/>\n<h3>1929:<\/h3>\n<p>Die Freiwillige Feuerwehr Gro\u00dfotten schaffte die erste Motorspritze an. Finanziert wurde diese durch Spenden. Patinnen waren Anna Lagler aus Rothfarn und Maria Weber, ebenfalls aus Rothfarn.<\/p>\n<hr \/>\n<h3>1938:<\/h3>\n<p>Florian Faltin aus Thaures wurde Feuerwehrkommandant.<\/p>\n<hr \/>\n<h3>1941:<\/h3>\n<p>Josef Hinterlechner aus Gro\u00dfotten wurde Feuerwehrkommandant.<\/p>\n<hr \/>\n<h3>1943:<\/h3>\n<p>Florian Faltin \u00fcbernahm erneut die Funkion des Feuerwehrkommandanten.<\/p>\n<p>Nach dem 2. Weltkrieg (1939 \u2013 1945) beklagte die Gemeinde Gro\u00dfotten 29 Gefallene. Obwohl dadurch der Mitgliederstand der Freiwilligen Feuerwehr ebenfalls reduziert war, verf\u00fcgte die Wehr im Jahr 1947 bereits wieder \u00fcber 29 Aktive und 11 Reservisten. Ab diesem Jahr beginnen auch die Aufzeichnungen \u00fcber die T\u00e4tigkeiten der Freiwilligen Feuerwehr.<\/p>\n<hr \/>\n<h3>1955:<\/h3>\n<p>Das 45-j\u00e4hrige Bestandsjubil\u00e4um der Freiwilligen Feuerwehr Gro\u00dfotten wurde am 5. Juni 1955 in Verbindung mit dem Bezirksfeuerwehrtag gefeiert.<\/p>\n<hr \/>\n<h3>1956:<\/h3>\n<p>Da die Anschaffung eines Feuerwehrautos noch nicht m\u00f6glich war, erkl\u00e4rte sich der Landwirt Alois Gassalik aus Gro\u00dfotten bereit, im Bedarfsfalle die Bef\u00f6rderung der Spritzger\u00e4te mit dem Traktor zu \u00fcbernehmen.<\/p>\n<hr \/>\n<h3>1959:<\/h3>\n<p>Der Wiederaufbau und die fortschreitende Technisierung brachten es mit sich, dass Ger\u00e4te, die vor dem 2. Weltkrieg angeschafft wurden, durch neue ersetzt werden mussten. Von der Firma Rosenbauer wurde eine Tragspritze Type RVW 75 mit Automatik bestellt. Die Ausgaben daf\u00fcr betrugen ATS 42.206,&#8211;. Finanziert wurde diese erneut durch freiwillige Spenden.<\/p>\n<hr \/>\n<h3>1960:<\/h3>\n<p>Beim 50-j\u00e4hrigen Gr\u00fcndungsfest, am 24. Juli 1960, wurde die neue Motorspritze von P. Odan Zlabinger (Jagenbach) gesegnet. Die Patinnen, Maria Eschelm\u00fcller aus Rothfarn und Gertrud Rueber aus Wien, stellten der Freiwilligen Feuerwehr je ATS 5.000,&#8211; zur Verf\u00fcgung.<\/p>\n<hr \/>\n<h3>1961:<\/h3>\n<p>Florian Faltin legte mit Jahresende die Funkion des Feuerwehrkommandanten aus Altersgr\u00fcnden zur\u00fcck.<\/p>\n<hr \/>\n<h3>1962:<\/h3>\n<p>Am 14. J\u00e4nner 1962 \u00fcbernimmt Franz Sch\u00e4fer aus Gro\u00dfotten die Funktion des Feuerwehrkommandanten. F\u00fcr die Bef\u00f6rderung der Feuerl\u00f6schger\u00e4te wurde im Mai 1962 ein Traktoranh\u00e4nger beim Schmiedemeister Josef Schneider aus Jagenbach zum Preis von ATS 21.000,&#8211; bestellt.<\/p>\n<hr \/>\n<h3>1969:<\/h3>\n<p>In diesem Jahr erfolgte der Ankauf einer Sirene.<\/p>\n<hr \/>\n<h3>1970:<\/h3>\n<p>Am 1. J\u00e4nner schloss sich die Gemeinde Gro\u00dfotten der Marktgemeinde Gro\u00dfsch\u00f6nau an und geh\u00f6rte fortan auch zum Unterabschnitt Gro\u00dfsch\u00f6nau (vormals Gro\u00dfwolfgers).<\/p>\n<hr \/>\n<h3>1973:<\/h3>\n<p>Am 19. November 1973 kaufte die Freiwillige Feuerwehr Gro\u00dfotten ein gebrauchtes Feuerwehrauto, Type Ford FK 1000, zum Preis von\u00a0 ATS 15.000,\u2014.<\/p>\n<p><a href=\"https:\/\/www.ff-grossotten.at\/wp-content\/uploads\/2015\/11\/Ford.jpg\"><img loading=\"lazy\" decoding=\"async\" class=\"alignnone wp-image-66\" title=\"Bild: Ford FK 1000\" src=\"https:\/\/www.ff-grossotten.at\/wp-content\/uploads\/2015\/11\/Ford-1024x654.jpg\" alt=\"Ford\" width=\"300\" height=\"192\" \/><\/a><\/p>\n<p>Der bisher zur Bef\u00f6rderung verwendete Traktoranh\u00e4nger erwarb die Freiwillige Feuerwehr Wachtberg um ATS 6.000,&#8211;.<\/p>\n<hr \/>\n<h3>1976:<\/h3>\n<p>Am 16. September 1976 verstarb Kommerzialrat Rueber, der ein gro\u00dfer G\u00f6nner der Freiwilligen Feuerwehr war. Bei der Urnenbeisetzung am 30. September 1976 nahm eine Abordnung der Freiwilligen Feuerwehren Gro\u00dfotten und Gro\u00dfsch\u00f6nau teil und erwiesen dem Verstorbenen die letzte Ehre.<\/p>\n<hr \/>\n<h3>1980:<\/h3>\n<p>F\u00fcr das Jubil\u00e4umsjahr zum 70-j\u00e4hrigen Bestehen der Freiwilligen Feuerwehr wurde der Bau eines neuen Ger\u00e4tehauses beschlossen.<\/p>\n<hr \/>\n<h3>1986:<\/h3>\n<p>Ein neues Kleinl\u00f6schfahrzeug der Marke VW, Type 281\/291 wurde angeschafft. Das Fahrzeug wurde erst 2016 au\u00dfer Dienst gestellt. Patinnen des Fahrzeugs waren: Margarete T\u00fcchler und Maria Neugschwandtner.<\/p>\n<hr \/>\n<h3>1990:<\/h3>\n<p>Mit Ende des Jahres endete auch die Funkionsperiode des l\u00e4ngj\u00e4hrigen Kommandant der Freiwilligen Feuerwehr Gro\u00dfotten, Franz Sch\u00e4fer, der aus Altersgr\u00fcnden nicht mehr f\u00fcr eine Wiederwahl zur Verf\u00fcgung stand.<\/p>\n<hr \/>\n<h3>1991:<\/h3>\n<p>Karl H\u00f6bart wurde zum neuen Kommandanten gew\u00e4hlt.<\/p>\n<hr \/>\n<h3>1993:<\/h3>\n<p>Erstmals wurde der \u201eStadlheurige\u2015 im Wirtschaftsgeb\u00e4ude der Familie Gr\u00fcbl abgehalten.<\/p>\n<hr \/>\n<h3>1995:<\/h3>\n<p>Eine neue Tragkraftspritze, Type Fox, wurde von der Firma Rosenbauer erworben.<\/p>\n<hr \/>\n<h3>1996:<\/h3>\n<p>Es wurde ein neuer Stromerzeuger mit 12 kVA Leistung, samt Zubeh\u00f6r und Anh\u00e4nger angeschafft. Beginn der regelm\u00e4\u00dfigen Teilnahme an Feuerwehrleistungsbewerben. Im Zuge des Stadlheurigen wurde auch die Segnung der neuen Tragkraftspritze vorgenommen. Als Patin stellte sich Paula Thaler zur Verf\u00fcgung.<\/p>\n<hr \/>\n<h3>2000:<\/h3>\n<p>Anfang des Jahres wurde ein Mannschaftstransportfahrzeug der Marke VW von der Freiwilligen Feuerwehr Wiener Neudorf gekauft. Mit Ende des Jahres endete die zweite Funktionsperiode von Karl H\u00f6bart als Kommandant. W\u00e4hrend seiner Funktionsperioden als Kommandant der Freiwilligen Feuerwehr Gro\u00dfotten traten 28 Mitglieder neu der Wehr bei.<\/p>\n<p><a href=\"https:\/\/www.ff-grossotten.at\/wp-content\/uploads\/2015\/11\/Mannschaftsfoto-2000.jpg\"><img loading=\"lazy\" decoding=\"async\" class=\"alignnone wp-image-280 size-medium\" src=\"https:\/\/www.ff-grossotten.at\/wp-content\/uploads\/2015\/11\/Mannschaftsfoto-2000-300x211.jpg\" alt=\"Mannschaftsfoto 2000\" width=\"300\" height=\"211\" srcset=\"https:\/\/www.ff-grossotten.at\/wp-content\/uploads\/2015\/11\/Mannschaftsfoto-2000-300x211.jpg 300w, https:\/\/www.ff-grossotten.at\/wp-content\/uploads\/2015\/11\/Mannschaftsfoto-2000-1024x719.jpg 1024w, https:\/\/www.ff-grossotten.at\/wp-content\/uploads\/2015\/11\/Mannschaftsfoto-2000-712x500.jpg 712w, https:\/\/www.ff-grossotten.at\/wp-content\/uploads\/2015\/11\/Mannschaftsfoto-2000.jpg 1680w\" sizes=\"auto, (max-width: 300px) 100vw, 300px\" \/><\/a><\/p>\n<hr \/>\n<h3>2001:<\/h3>\n<p>Leopold G\u00f6schl wurde zum neuen Kommandanten gew\u00e4hlt.<\/p>\n<hr \/>\n<h3>2002:<\/h3>\n<p>Die Freiwillige Feuerwehr Gro\u00dfotten stand, so wie fast alle Feuerwehren Nieder\u00f6sterreichs, beim Jahrhunderthochwasser im Einsatz. Gerade dieses Ereignis zeigte deutlich, welches Potenzial an Hilfsma\u00dfnahmen unsere Organisation zu leisten im Stande war und ist.<\/p>\n<hr \/>\n<h3>2004:<\/h3>\n<p>Erstmalig wurde die Freiwillige Feuerwehr Gro\u00df Otten mit der Organisation und Abhaltung eines Abschnittsfeuerwehrleistungsbewerbes betraut. Sieg bei den Bezirksfeuerwehrleistungsbewerben in der Kategorie Silber A.<\/p>\n<hr \/>\n<h3>2005:<\/h3>\n<p>Ankauf einer Atemschutzausr\u00fcstung.<\/p>\n<hr \/>\n<h3>2006:<\/h3>\n<p>Bei den Neuwahlen des Kommandos wurde Josef Wei\u00df zum Kommandanten und Manfred Thaler zum Kommandantstellvertreter gew\u00e4hlt.<\/p>\n<hr \/>\n<h3>2009:<\/h3>\n<p>Am 11. M\u00e4rz 2009 erfolgte der Spatenstich zum Neubau des Feuerwehrhauses.<\/p>\n<hr \/>\n<h3>2010:<\/h3>\n<p>100-j\u00e4hriges Bestandsjubil\u00e4um, welches zusammen mit der Er\u00f6ffnung des neuen Feuerwehrhauses gefeiert wird.<\/p>\n<hr \/>\n<h3>2016:<\/h3>\n<p>Anschaffung und Indienststellung eines neuen Feuerwehrfahrzeuges (HLF2). Die Segnung wurde von Pater Matth\u00e4us am 10. September 2016 im Rahmen des Stadlfestest durchgef\u00fchrt. Als Patinnen fungierten Leopoldine H\u00f6bart und Monika Wei\u00df.<\/p>\n<p><a href=\"https:\/\/www.ff-grossotten.at\/wp-content\/uploads\/2016\/09\/Segnung-HLF2-68.jpg\"><img loading=\"lazy\" decoding=\"async\" class=\"wp-image-1576 alignleft\" src=\"https:\/\/www.ff-grossotten.at\/wp-content\/uploads\/2016\/09\/Segnung-HLF2-68.jpg\" alt=\"\" width=\"300\" height=\"200\" srcset=\"https:\/\/www.ff-grossotten.at\/wp-content\/uploads\/2016\/09\/Segnung-HLF2-68.jpg 3456w, https:\/\/www.ff-grossotten.at\/wp-content\/uploads\/2016\/09\/Segnung-HLF2-68-300x200.jpg 300w, https:\/\/www.ff-grossotten.at\/wp-content\/uploads\/2016\/09\/Segnung-HLF2-68-768x512.jpg 768w, https:\/\/www.ff-grossotten.at\/wp-content\/uploads\/2016\/09\/Segnung-HLF2-68-1024x683.jpg 1024w, https:\/\/www.ff-grossotten.at\/wp-content\/uploads\/2016\/09\/Segnung-HLF2-68-750x500.jpg 750w\" sizes=\"auto, (max-width: 300px) 100vw, 300px\" \/><\/a><\/p>\n<p>&nbsp;<\/p>\n<p>&nbsp;<\/p>\n<p>&nbsp;<\/p>\n<p>&nbsp;<\/p>\n<hr \/>\n<h3><strong>2020:<\/strong><\/h3>\n<p>Anschaffung eines neuen Mannschaftstransportfahrzeuges mit Allradantrieb (MTFA). Die Segnung des Fahrzeuges musste aufgrund der COVID-19-Pandemie verschoben werden. Aus vorher genannten Grund konnte in diesem Jahr auch kein Feuerwehrfest abgehalten werden.<\/p>\n","protected":false},"excerpt":{"rendered":"<p>1910 &#8211; Zur Gr\u00fcndung der Freiwilligen Feuerwehr Gro\u00dfotten: Am 27. Juli 1909 brachen in Gro\u00dfotten, infolge von Blitzschl\u00e4gen, zur gleichen Zeit zwei Br\u00e4nde aus. Die H\u00e4user der Familien Neunteufel, Hausnummer <a href=\"https:\/\/www.ff-grossotten.at\/?page_id=8\" class=\"more-link\">[&hellip;]<\/a><\/p>\n","protected":false},"author":1,"featured_media":0,"parent":0,"menu_order":0,"comment_status":"closed","ping_status":"closed","template":"","meta":{"sfsi_plus_gutenberg_text_before_share":"","sfsi_plus_gutenberg_show_text_before_share":"","sfsi_plus_gutenberg_icon_type":"","sfsi_plus_gutenberg_icon_alignemt":"","sfsi_plus_gutenburg_max_per_row":"","Layout":"1c","footnotes":""},"class_list":["entry","author-admin_ffgr-otten","post-8","page","type-page","status-publish"],"_links":{"self":[{"href":"https:\/\/www.ff-grossotten.at\/index.php?rest_route=\/wp\/v2\/pages\/8","targetHints":{"allow":["GET"]}}],"collection":[{"href":"https:\/\/www.ff-grossotten.at\/index.php?rest_route=\/wp\/v2\/pages"}],"about":[{"href":"https:\/\/www.ff-grossotten.at\/index.php?rest_route=\/wp\/v2\/types\/page"}],"author":[{"embeddable":true,"href":"https:\/\/www.ff-grossotten.at\/index.php?rest_route=\/wp\/v2\/users\/1"}],"replies":[{"embeddable":true,"href":"https:\/\/www.ff-grossotten.at\/index.php?rest_route=%2Fwp%2Fv2%2Fcomments&post=8"}],"version-history":[{"count":78,"href":"https:\/\/www.ff-grossotten.at\/index.php?rest_route=\/wp\/v2\/pages\/8\/revisions"}],"predecessor-version":[{"id":2849,"href":"https:\/\/www.ff-grossotten.at\/index.php?rest_route=\/wp\/v2\/pages\/8\/revisions\/2849"}],"wp:attachment":[{"href":"https:\/\/www.ff-grossotten.at\/index.php?rest_route=%2Fwp%2Fv2%2Fmedia&parent=8"}],"curies":[{"name":"wp","href":"https:\/\/api.w.org\/{rel}","templated":true}]}}